{"version":"1.0","provider_name":"Szira","provider_url":"https:\/\/szira.cafeblog.hu","author_name":"Szira","author_url":"https:\/\/szira.cafeblog.hu\/author\/szira\/","title":"Fonalsapka, egyszer\u0171 de mutat\u00f3s","html":"<p>Az ovis adventi bark\u00e1csd\u00e9lut\u00e1nunkon ker\u00fclt el\u0151 ez a fonalsapk\u00e1s m\u00f3dszer, \u00edgy arra gondoltam felteszem nektek h\u00e1tha valaki m\u00e9g nem ismeri. Ez egy nagyon egyszer\u0171 technika, \u00e9s gyerekek is el tudj\u00e1k k\u00e9sz\u00edteni. Lehet vele dekor\u00e1lni, vagy aj\u00e1nd\u00e9kba adni, mondjuk kicsi \u00edgy ink\u00e1bb az aj\u00e1nd\u00e9kot dekor\u00e1ln\u00e1m vele. De a tegnapi sapk\u00e1k \u00e9pp barbie sapkak\u00e9nt \u00fczemelnek n\u00e1lunk, sz\u00f3val a felhaszn\u00e1l\u00e1sa v\u00e9gtelen.<\/p>\r\n<p><a href=\"https:\/\/szira.cafeblog.hu\/files\/2016\/11\/fonalsapi1.jpg\"><img class=\"size-medium wp-image-951 aligncenter\" src=\"https:\/\/szira.cafeblog.hu\/files\/2016\/11\/fonalsapi1-225x300.jpg\" alt=\"fonalsapi1\" width=\"225\" height=\"300\" \/><\/a><\/p>\r\n<p><a href=\"https:\/\/szira.cafeblog.hu\/files\/2016\/11\/20151213_123211.jpg\"><img class=\"size-medium wp-image-949 aligncenter\" src=\"https:\/\/szira.cafeblog.hu\/files\/2016\/11\/20151213_123211-300x225.jpg\" alt=\"20151213_123211\" width=\"300\" height=\"225\" \/><\/a><\/p>\r\n<p><a href=\"https:\/\/szira.cafeblog.hu\/files\/2016\/11\/20151213_123244.jpg\"><img class=\"size-medium wp-image-950 aligncenter\" src=\"https:\/\/szira.cafeblog.hu\/files\/2016\/11\/20151213_123244-300x225.jpg\" alt=\"20151213_123244\" width=\"300\" height=\"225\" \/><\/a><\/p>\r\n<p>\u00c9s akkor amire sz\u00fcks\u00e9g\u00fcnk lesz hozz\u00e1. Pap\u00edrhenger ami lehet wc pap\u00edr guriga vagy a f\u00f3li\u00e1k hengere, att\u00f3l f\u00fcgg\u0151en mekkora sapk\u00e1kat szeretn\u00e9nk k\u00e9sz\u00edteni. Sz\u00fcks\u00e9g lesz m\u00e9g oll\u00f3ra, \u00e9s fonalra is. A fonalat att\u00f3l f\u00fcgg\u0151en milyen magas sapk\u00e1t szeretn\u00e9nk k\u00e9sz\u00edteni \u00e9s mekkora bojtal kb 25 cm-es darabokra \u00e9rdemes felv\u00e1gni ha hosszabb sapk\u00e1t szeretn\u00e9nk akkor lehet 40 cm is. A pap\u00edr gurig\u00e1t pedig 1 cm sz\u00e9les cs\u00edkban kell elv\u00e1gni.<\/p>\r\n<p><a href=\"https:\/\/szira.cafeblog.hu\/files\/2016\/11\/fonalsapi2.jpg\"><img class=\"size-medium wp-image-952 aligncenter\" src=\"https:\/\/szira.cafeblog.hu\/files\/2016\/11\/fonalsapi2-225x300.jpg\" alt=\"fonalsapi2\" width=\"225\" height=\"300\" \/><\/a><\/p>\r\n<p><a href=\"https:\/\/szira.cafeblog.hu\/files\/2016\/11\/fonalsapi3.jpg\"><img class=\"size-medium wp-image-953 aligncenter\" src=\"https:\/\/szira.cafeblog.hu\/files\/2016\/11\/fonalsapi3-225x300.jpg\" alt=\"fonalsapi3\" width=\"225\" height=\"300\" \/><\/a><\/p>\r\n<p>Az egyik fonalat k\u00e9tr\u00e9t hajtjuk, majd \u00e1tdugjuk a pap\u00edr karik\u00e1n \u00fagy.<\/p>\r\n<p><a href=\"https:\/\/szira.cafeblog.hu\/files\/2016\/11\/fonalsapi4.jpg\"><img class=\"size-medium wp-image-954 aligncenter\" src=\"https:\/\/szira.cafeblog.hu\/files\/2016\/11\/fonalsapi4-225x300.jpg\" alt=\"fonalsapi4\" width=\"225\" height=\"300\" \/><\/a><\/p>\r\n<p>A hurkon \u00e1tdugjuk a fonal m\u00e1sik k\u00e9t v\u00e9g\u00e9t.<\/p>\r\n<p><a href=\"https:\/\/szira.cafeblog.hu\/files\/2016\/11\/fonalsapi5.jpg\"><img class=\"size-medium wp-image-955 aligncenter\" src=\"https:\/\/szira.cafeblog.hu\/files\/2016\/11\/fonalsapi5-225x300.jpg\" alt=\"fonalsapi5\" width=\"225\" height=\"300\" \/><\/a><\/p>\r\n<p>\u00c9s szorosan r\u00e1hurkoljuk.<\/p>\r\n<p><a href=\"https:\/\/szira.cafeblog.hu\/files\/2016\/11\/fonalsapi6.jpg\"><img class=\"size-medium wp-image-956 aligncenter\" src=\"https:\/\/szira.cafeblog.hu\/files\/2016\/11\/fonalsapi6-225x300.jpg\" alt=\"fonalsapi6\" width=\"225\" height=\"300\" \/><\/a><\/p>\r\n<p>Ezt addig fojtatjuk, am\u00edg teljesen k\u00f6rbe nem \u00e9r\u00fcnk.<\/p>\r\n<p><a href=\"https:\/\/szira.cafeblog.hu\/files\/2016\/11\/fonalsapi7.jpg\"><img class=\"size-medium wp-image-957 aligncenter\" src=\"https:\/\/szira.cafeblog.hu\/files\/2016\/11\/fonalsapi7-225x300.jpg\" alt=\"fonalsapi7\" width=\"225\" height=\"300\" \/><\/a><\/p>\r\n<p>Sz\u00e9pen kisim\u00edtjuk a fonalsz\u00e1lakat. Itt ha akarjuk ki is ford\u00edthatjuk, ha akarjuk hathatjuk sim\u00e1n \u00edgy is. Egy fonallal keresztben elk\u00f6tj\u00fck a sapi v\u00e9g\u00e9t a bojtot pedig oll\u00f3val form\u00e1ra igaz\u00edtjuk. Ha kiford\u00edtottuk akkor ilyen lesz -mintha lenne egy visszahajtott kis sapk\u00e1nk.<\/p>\r\n<p><a href=\"https:\/\/szira.cafeblog.hu\/files\/2016\/11\/20151213_123211.jpg\"><img class=\"size-medium wp-image-949 aligncenter\" src=\"https:\/\/szira.cafeblog.hu\/files\/2016\/11\/20151213_123211-300x225.jpg\" alt=\"20151213_123211\" width=\"300\" height=\"225\" \/><\/a><\/p>\r\n<p>Ha nem ford\u00edtottuk ki akkor ilyen sima sapi lesz bel\u0151le. J\u00f3 sz\u00f3rakoz\u00e1st.\u00a0Ha tetszett a bejegyz\u00e9s n\u00e9z k\u00f6r\u00fcl, van m\u00e9g p\u00e1r \u00f6tlet a tarsolyomban.<\/p>\r\n<p><a href=\"https:\/\/szira.cafeblog.hu\/files\/2016\/11\/fonalsapi1.jpg\"><img class=\"size-medium wp-image-951 aligncenter\" src=\"https:\/\/szira.cafeblog.hu\/files\/2016\/11\/fonalsapi1-225x300.jpg\" alt=\"fonalsapi1\" width=\"225\" height=\"300\" \/><\/a><\/p>\r\n<p>&nbsp;<\/p>","type":"rich","thumbnail_url":"https:\/\/szira.cafeblog.hu\/files\/2016\/11\/fonalsapi1-150x150.jpg","thumbnail_width":150,"thumbnail_height":150}