{"version":"1.0","provider_name":"Szira","provider_url":"https:\/\/szira.cafeblog.hu","author_name":"Szira","author_url":"https:\/\/szira.cafeblog.hu\/author\/szira\/","title":"Vissza a munk\u00e1ba - \u00e9rz\u00e9sek \u00e9s a val\u00f3s\u00e1g","html":"<p>Igen - igen, elj\u00f6tt ez az id\u0151 is - mint minden any\u00e1nak az \u00e9let\u00e9ben, amikor az \u00f6sszes gyerk\u0151c m\u00e1r valamilyen int\u00e9zm\u00e9nybe j\u00e1r, nek\u00fcnk pedig j\u00f6het a munka. Vagy m\u00e9gsem? L\u00e9lekben is felk\u00e9sz\u00fclt\u00e9l r\u00e1 vagy csak tudod, hogy most ez lesz?<\/p>\r\n<p>N\u00e1lam mindk\u00e9t le\u00e1nyz\u00f3 ovis, Kicsi most kezdte, \u00e9s j\u00f3l is megy neki a dolog, nincs s\u00edr\u00e1s meg ilyenek, \u00e9lvezi, hogy \u0151 is nagyl\u00e1ny lett. Nagy ovis le\u00e1ny. A beszok\u00e1sunkr\u00f3l <a href=\"https:\/\/szira.cafeblog.hu\/2017\/10\/01\/beszoktatas-az-oviba-ujra\/\">itt olvashatsz<\/a> p\u00e1r \u00e9rdekess\u00e9get.\u00a0 Sz\u00f3val itt az id\u0151 - Anya mehet dolgozni. Anya k\u00e9sz\u00fclt is erre m\u00e1r vagy f\u00e9l \u00e9ve - most viszont valahogy \u00fagy \u00e9rzem erre nem lehet felk\u00e9sz\u00fclni - n\u00e9ha csak fel\u00e1lln\u00e9k \u00e9s visszaszaladn\u00e9k az oviba \u00e9rt\u00fck, hogy m\u00e9g egy kis id\u0151t lopjak magunknak.\u00a0<\/p>\r\n<p>A munk\u00e1ba vissza projektem am\u00fagy meglep\u0151en j\u00f3l siker\u00fclt, igaz igyekeztem is tenni \u00e9rte, az \u00e9vek alatt \u00e1poltam a c\u00e9ges kapcsolatokat. De \u0151szint\u00e9n ez nem is esett nehezemre, \u00e9s nagyon \u00f6r\u00fcl\u00f6k, hogy a r\u00e9gi munk\u00e1ltat\u00f3m vissza vett. Az\u00e9rt 6 \u00e9v az csak 6 \u00e9v munkakies\u00e9s \u00e9s a 2 gyerek az k\u00e9rem j\u00f3 p\u00e1r h\u00e9t betegszabads\u00e1g, sz\u00f3val K\u00f6sz\u00f6n\u00f6m. Most a r\u00e9szletekr\u0151l nem \u00edrok - mert azt sok helyen olvashatj\u00e1tok, hogy mire figyeljetek, mit k\u00e9rhettek t\u00f6rv\u00e9nyileg, kinek mennyi szabads\u00e1g j\u00e1r stb.<\/p>\r\n<p>Ink\u00e1bb mes\u00e9lek egy kicsit az \u00e9rzelmi oldal\u00e1r\u00f3l. Szuper dolog \u00fajra a r\u00e9gi koll\u00e9g\u00e1kkal dolgozni, \u00e9s k\u00f6zben nagyon furcsa is - hiszen teljesen feln\u0151tt emberekkel t\u00f6lt\u00f6k j\u00f3 p\u00e1r \u00f3r\u00e1t \u00f6sszez\u00e1rva. :) Az els\u0151 p\u00e1r napban mindenki k\u00e9rdezte, hogy milyen \u00e9rz\u00e9s \u00fajra dolgozni. \u00c9n meg viccesen megjegyeztem, hogy furi, hogy nem 110 cm magas emberk\u00e9k vesznek k\u00f6r\u00fcl \u00e9s nem a barbikr\u00f3l \u00e9s a p\u00f3nikr\u00f3l kell t\u00e1rsalognom. :) Nevettek. Azt\u00e1n persze az a 6 \u00e9v nem csak n\u00e1lam 6 \u00e9v, de n\u00e1luk is. Hihetetlen, hogy az \u0151 gyerekeik is n\u0151nek, s\u0151t van amelyik m\u00e1r n\u0151s\u00fclni k\u00e9sz\u00fcl \u00e9n meg tinik\u00e9nt ismertem meg. De van olyan koll\u00e9gan\u0151 is aki m\u00e1r nagymama lesz hamarosan. \u00c9n meg \u00f6r\u00fcl\u00f6k, hogy mindenki boldog - k\u00f6zben meg nem \u00e9rtem, hogy telhetett el ennyi id\u0151. A munkakezd\u00e9s elej\u00e9n olyan mintha \u00faj munkahelyre mentem volna ahol ismerem az embereket, meg a munka egyes f\u0151bb \u00e1llom\u00e1sait - de a r\u00e9szleteket bizony \u00fajra kell tanulni, sok a v\u00e1ltoz\u00e1s. \u00cdgy kicsit izgulni is lehet, hogy mindenben \u00fcgyes legyen az ember. \u00c9s ha m\u00e1r izgalom akkor erre j\u00f6n a gyerk\u0151c\u00f6k ut\u00e1ni izgalom is.<\/p>\r\n<p><a href=\"https:\/\/szira.cafeblog.hu\/files\/2017\/10\/dolgozni1.jpg\"><img class=\"size-medium wp-image-1683 aligncenter\" src=\"https:\/\/szira.cafeblog.hu\/files\/2017\/10\/dolgozni1-300x286.jpg\" alt=\"\" width=\"300\" height=\"286\" \/><\/a><\/p>\r\n<p>Els\u0151 munkahelyi napom egybeesett a Kicsi els\u0151 oviban alv\u00e1s\u00e1val. Tudj\u00e1tok mit, tudom ezt m\u00e9g cifr\u00e1zni is, ugyanis aznap m\u00e9g sz\u00fcl\u0151i is volt a Kicsi csoportj\u00e1ban (m\u00e1snap a nagy\u00e9ban), mivel Apa nem tudott szabit kivenni \u00edgy gyerk\u0151c\u00f6k aznap picit ovis \u00fcgyeleteztek is, am\u00edg Anya a sz\u00fcl\u0151in \u00fclt. \u00c9s igen, izgultam de nagyon. Alig v\u00e1rtam, hogy rohanjak a villamoshoz munka ut\u00e1n, hogy l\u00e1ssam semmi gond az oviban. \u00c9s a l\u00e1nyok szuper\u00fcl vett\u00e9k ezt a k\u00e9tnapos akad\u00e1lyt. \u00c9n meg kor\u00e1bban lel\u00e9phettem a sz\u00fcl\u0151ir\u0151l - volt ennek j\u00f3 oldala is. De nagyon nagyon f\u00e1raszt\u00f3 volt. \u00cdgy alig 2 munkanap ut\u00e1n meg is \u00e1llap\u00edtottam, hogy nem lesz ez egy k\u00f6nny\u0171 menet. V\u00e1s\u00e1rl\u00e1sra id\u0151m sehol, \u00e9s a h\u00e1zimunka is megv\u00e1rt otthon. Sz\u00f3val r\u00e1 kell fek\u00fcdni a logisztik\u00e1ra. Nincs mese - mert k\u00e9t \u00f6r\u00f6kmozg\u00f3 kis koszman\u00f3 mellett nincs olyan, hogy eg\u00e9sz h\u00e9ten nem mosol - k\u00fcl\u00f6nben r\u00e1megy a h\u00e9tv\u00e9g\u00e9d. Ezt is megtanultam.<\/p>\r\n<p>M\u00e1sodik h\u00e9t a munk\u00e1ban, m\u00e1r izgalmasabban telt mint az els\u0151. Kezdtem kicsit visszaz\u00f6kkenni a r\u00e9gi dolgokba, de persze ilyenkor k\u00f6zbesz\u00f3l az \u00e9let, vagy egy nagy adag ovis bacilus. Aminek h\u00e1la a h\u00e9t m\u00e1sodik fel\u00e9ben m\u00e1r azon agg\u00f3dhattam, hogy vajon mikor megy m\u00e1r 39,8 al\u00e1 a gyerek l\u00e1za. Nem j\u00f3 biznisz. A munkahelyemen nagyon meg\u00e9rt\u0151ek voltak - gondolom \u0151k sz\u00e1m\u00edtottak is erre, hogy beteg lesz a Kicsi. \u00c9n megmondom \u0151szint\u00e9n okt\u00f3berre tippeltem az els\u0151 l\u00e1zas ovis bacinkat. H\u00e1t k\u00e9rem t\u00e9vedtem. \u00cdgy kicsit b\u0171ntudatom van, hogy szinte m\u00e9g el se kezdtem dolgozni m\u00e1ris itthon lopom a napot. Persze nem lopom - lassan utol\u00e9rem magamat - \u00e9s Man\u00f3csk\u00e1m is lassan gy\u00f3gyulgat.<\/p>\r\n<p>A l\u00e9nyeg amit 6 \u00e9v sz\u00fcnet ut\u00e1n meg\u00e1llap\u00edtottam a munk\u00e1ba visszat\u00e9r\u00e9s kapcs\u00e1n:<\/p>\r\n<ul>\r\n<li>Az id\u0151 nem csak n\u00e1lad telik, de sokan pozit\u00edv ir\u00e1nyba v\u00e1ltoztak.<\/li>\r\n<li>Ha a r\u00e9gi munkahelyedre m\u00e9sz is vissza, olyan \u00e9rz\u00e9s mintha \u00faj munk\u00e1d lenne.<\/li>\r\n<li>Feln\u0151tt emberekkel kommunik\u00e1lsz napk\u00f6zben, feln\u0151tt t\u00e9m\u00e1kr\u00f3l.<\/li>\r\n<li>Elhagyod a j\u00e1tsz\u00f3terez\u0151s ruh\u00e1kat - ennek hat\u00e1s\u00e1ra minden ismer\u0151s ( a boltost\u00f3l az ovis anyuk\u00e1kig) megdics\u00e9r milyen csinos vagy \u00e9s ezzel szinte egy id\u0151ben meg is k\u00e9rdezi, hogy dolgozol m\u00e1r? ( Igen most \u00e9rzem, hogy Apa t\u00e9nyleg nem ok n\u00e9lk\u00fcl r\u00e1gta a f\u00fclemet, hogy m\u00e1r kicsit topis vagyok - (no de kis szokny\u00e1ban magassark\u00faban m\u00e9gsem lehet homokozni a gyerekkel).<\/li>\r\n<li>A logisztika nagymestere leszel.<\/li>\r\n<li>V\u00e9gk\u00e9pp elfelejted a saj\u00e1t plusz id\u0151 sportot (egyenl\u0151re tuti)<\/li>\r\n<li>Reggel m\u00e9g egy \u00f3r\u00e1val kor\u00e1bban kelsz - ebb\u0151l f\u00e9l \u00f3r\u00e1t csak arra ford\u00edtasz, hogy a gyerekeidet ki k\u00f6ny\u00f6rg\u00f6d az \u00e1gyb\u00f3l - mivel nekik is kor\u00e1bban indul a nap mint ahogy eddig megszokt\u00e1k - a m\u00e1sik f\u00e9l \u00f3r\u00e1ban pedig megpr\u00f3b\u00e1lod elt\u00fcntetni az arcodr\u00f3l a kev\u00e9s alv\u00e1s okozta t\u00fcneteket.<\/li>\r\n<li>Megtanulsz magassark\u00fa cip\u0151ben sprintelni a gyerekeid bicaja rollere mellet. Nehez\u00edt\u00e9sk\u00e9nt ovis \u00e9s saj\u00e1t cuccokkal megrakodva.\u00a0<\/li>\r\n<li>Ha eddig nem kellett minden d\u00e1tumot apr\u00f3s\u00e1got fel\u00edrnod, most tuti veszel egy hat\u00e1rid\u0151 napl\u00f3t - mert jelenleg \u00fagy \u00e9rzem magam mintha minden reggelre valaki egy szivaccsal t\u00f6r\u00f6ln\u00e9 a mem\u00f3ri\u00e1mat, \u00e9s persze v\u00e9letlen\u00fcl se jut eszembe melyik nap van k\u00fcl\u00f6n torna, sima torna, rajz vagy b\u00e1rmi egy\u00e9b amire valamit tuti vinni kell, vagy \u00f6lt\u00f6zni kell hozz\u00e1. Sz\u00f3val pap\u00edr \u00e9s toll.<\/li>\r\n<\/ul>\r\n<p>A munk\u00e1ba teh\u00e1t visszaz\u00f6kkenni nem is olyan egyszer\u0171 - csal\u00e1ddal \u00f6ssze egyeztetni pedig szint\u00e9n nem egyszer\u0171. \u00c9rzelmileg pedig ha t\u00fall\u00e9p\u00fcnk az ovis beszoktat\u00e1s anyai p\u00e1nikjain - m\u00e1r csak a j\u00f3l dolgozzak p\u00e1nikot kell t\u00fal\u00e9lni.\u00a0<\/p>","type":"rich","thumbnail_url":"https:\/\/szira.cafeblog.hu\/files\/2017\/10\/dolgozni1-150x150.jpg","thumbnail_width":150,"thumbnail_height":150}