{"version":"1.0","provider_name":"Szira","provider_url":"https:\/\/szira.cafeblog.hu","author_name":"Szira","author_url":"https:\/\/szira.cafeblog.hu\/author\/szira\/","title":"Sziv\u00e1rv\u00e1nyos epertorta","html":"<p>N\u00e9vnap ide n\u00e9vnap oda - vagy csak \u00fagy. Egy k\u00f6nnyen elk\u00e9sz\u00edthet\u0151 epertort\u00e1nak nem lehet nemet mondani. A gyerk\u0151c\u00f6k k\u00e9r\u00e9s\u00e9re sziv\u00e1rv\u00e1nyos pisk\u00f3t\u00e1val. Nem neh\u00e9z - de kell p\u00e1r \u00f3r\u00e1t v\u00e1rni vele m\u00edg megdermed a kr\u00e9m \u00e9s fogyaszthat\u00f3 lesz.<\/p>\r\n<p><a href=\"https:\/\/szira.cafeblog.hu\/files\/2018\/07\/20180614_131459.jpg\"><img class=\"size-medium wp-image-2036 aligncenter\" src=\"https:\/\/szira.cafeblog.hu\/files\/2018\/07\/20180614_131459-225x300.jpg\" alt=\"\" width=\"225\" height=\"300\" \/><\/a><\/p>\r\n<p>Hozz\u00e1val\u00f3k:<\/p>\r\n<p>3 toj\u00e1s<\/p>\r\n<p>3 ev\u0151kan\u00e1l porcukor<\/p>\r\n<p>1 csomag van\u00edli\u00e1s cukor<\/p>\r\n<p>3 p\u00fapozott ev\u0151kan\u00e1l liszt<\/p>\r\n<p>0,5 csomag s\u00fct\u0151por (ha valaki a sz\u00f3dabikarb\u00f3n\u00e1tot jobban szereti abb\u00f3l el\u00e9g egy mokk\u00e1skan\u00e1lnyi)<\/p>\r\n<p>0,5 csipet s\u00f3 (nagymam\u00e1m szerint nincs olyan t\u00e9szta amibe ne kellene legal\u00e1bb egy csipetnyi s\u00f3)<\/p>\r\n<p>Elk\u00e9sz\u00edt\u00e9s:<\/p>\r\n<p>A toj\u00e1sfeh\u00e9rj\u00e9ket k\u00fcl\u00f6n tessz\u00fck ed\u00e9nybe \u00e9s felverj\u00fck j\u00f3 kem\u00e9ny habb\u00e1. A toj\u00e1s s\u00e1rg\u00e1j\u00e1t a van\u00edli\u00e1s cukorral \u00e9s a porcukorral sz\u00e9pen elkeverj\u00fck \u00e9n ilyenkor beleteszem m\u00e1r a s\u00fct\u0151port \u00e9s a s\u00f3t is \u2013 k\u00f6nnyebb sz\u00e9pen eloszlatni ha ilyenkor keverj\u00fck bele. Ha a feh\u00e9rj\u00e9t felvertem a habver\u0151vel \u00e1t szoktam kavarni ezt a toj\u00e1s s\u00e1rg\u00e1j\u00e1s cukros mixet is. Majd belekanalazom a lisztet, \u00f6sszekeverem \u00e9s \u00f3vatosan belekanalazom a feh\u00e9rj\u00e9b\u0151l k\u00e9sz\u00fclt habot is. Pr\u00f3b\u00e1lom nem teljesen \u00f6sszet\u00f6rni de m\u00e9gis egyenletesen elkeverni. T\u00f6bb kisebb ed\u00e9nybe \u00f6nt\u00f6m \u00e9s p\u00e1r csepp \u00e9telfest\u00e9ket cseppentek bele majd j\u00f3l \u00e1tkeverem. Kivajazott form\u00e1ba \u00f6nt\u00f6m \u0151ket - \u00e9n z\u00f6ldet, pirosat, k\u00e9ket (ami ink\u00e1bb barn\u00e1s bord\u00f3s) \u00e9s s\u00e1rg\u00e1t k\u00e9sz\u00edtette. Pr\u00f3b\u00e1ltam n\u00e9gy sz\u00e9lre \u00f6nteni \u00e9s fakan\u00e1l v\u00e9g\u00e9vel k\u00f6rbe keverni kicsit.<\/p>\r\n<p><a href=\"https:\/\/szira.cafeblog.hu\/files\/2018\/07\/20180613_163909.jpg\"><img class=\"size-medium wp-image-2032 aligncenter\" src=\"https:\/\/szira.cafeblog.hu\/files\/2018\/07\/20180613_163909-300x225.jpg\" alt=\"\" width=\"300\" height=\"225\" \/><\/a><\/p>\r\n<p>El\u0151meleg\u00edtett s\u00fct\u0151ben s\u00fctj\u00fck. \u00c9s ilyen lesz.<\/p>\r\n<p><a href=\"https:\/\/szira.cafeblog.hu\/files\/2018\/07\/20180613_170944.jpg\"><img class=\"size-medium wp-image-2033 aligncenter\" src=\"https:\/\/szira.cafeblog.hu\/files\/2018\/07\/20180613_170944-300x225.jpg\" alt=\"\" width=\"300\" height=\"225\" \/><\/a><\/p>\r\n<p>K\u00f6rbe raktam eperrel.<\/p>\r\n<p><a href=\"https:\/\/szira.cafeblog.hu\/files\/2018\/07\/20180613_172217.jpg\"><img class=\"size-medium wp-image-2034 aligncenter\" src=\"https:\/\/szira.cafeblog.hu\/files\/2018\/07\/20180613_172217-300x225.jpg\" alt=\"\" width=\"300\" height=\"225\" \/><\/a><\/p>\r\n<p>Majd nyakon \u00f6nt\u00f6ttem az eperkr\u00e9mmel - aminek a r<a href=\"https:\/\/szira.cafeblog.hu\/2017\/06\/07\/tejszines-eperkrem-torta-hercegnos-kivitelben\/\">eceptj\u00e9t itt tal\u00e1lod<\/a>. H\u0171t\u0151be tettem p\u00e1r \u00f3r\u00e1ra.<\/p>\r\n<p><a href=\"https:\/\/szira.cafeblog.hu\/files\/2018\/07\/20180614_125500.jpg\"><img class=\"size-medium wp-image-2035 aligncenter\" src=\"https:\/\/szira.cafeblog.hu\/files\/2018\/07\/20180614_125500-300x225.jpg\" alt=\"\" width=\"300\" height=\"225\" \/><\/a><\/p>\r\n<p>A tetej\u00e9re pedig egy kis csokit olvasztottam.<\/p>\r\n<p><a href=\"https:\/\/szira.cafeblog.hu\/files\/2018\/07\/20180614_131459.jpg\"><img class=\"size-medium wp-image-2036 aligncenter\" src=\"https:\/\/szira.cafeblog.hu\/files\/2018\/07\/20180614_131459-225x300.jpg\" alt=\"\" width=\"225\" height=\"300\" \/><\/a><\/p>\r\n<p>Sajnos szeletfot\u00f3m nincsen t\u00fal hamar elfogyott a nagy \u00fcnnepl\u00e9sben.<\/p>\r\n<p>Ha szereted az epret - n\u00e9zd meg ezeket a recepteket is:<\/p>\r\n<p><a href=\"https:\/\/szira.cafeblog.hu\/2017\/06\/07\/tejszines-eperkrem-torta-hercegnos-kivitelben\/\">Tejsz\u00ednes eperkr\u00e9m torta hercegn\u0151s kivitelben<\/a><\/p>\r\n<p><a href=\"https:\/\/szira.cafeblog.hu\/2016\/05\/25\/egyszeru-turotorta-eperrel\/\">Egyszer\u0171 t\u00far\u00f3torta eperrel<\/a><\/p>\r\n<p><a href=\"https:\/\/szira.cafeblog.hu\/2018\/07\/15\/jegvarazsos-elza-szulinapi-szivarvanytorta-fekete-erdo-stilusban\/\">J\u00e9gvar\u00e1zsos torta -fekete erd\u0151 st\u00edlusban eperrel<\/a><\/p>","type":"rich","thumbnail_url":"https:\/\/szira.cafeblog.hu\/files\/2018\/07\/20180613_172217-150x150.jpg","thumbnail_width":150,"thumbnail_height":150}